{"id":147,"date":"2014-01-27T17:47:44","date_gmt":"2014-01-27T16:47:44","guid":{"rendered":"http:\/\/circoloculturalesanfrancesco.org\/?page_id=147"},"modified":"2014-01-28T12:41:14","modified_gmt":"2014-01-28T11:41:14","slug":"statuto","status":"publish","type":"page","link":"https:\/\/circoloculturalesanfrancesco.org\/site\/statuto\/","title":{"rendered":"Statuto"},"content":{"rendered":"<div class=\"pdfprnt-buttons pdfprnt-buttons-page pdfprnt-top-right\"><a href=\"https:\/\/circoloculturalesanfrancesco.org\/site\/wp-json\/wp\/v2\/pages\/147?print=pdf\" class=\"pdfprnt-button pdfprnt-button-pdf\" target=\"_blank\"><img decoding=\"async\" src=\"https:\/\/circoloculturalesanfrancesco.org\/site\/wp-content\/plugins\/pdf-print\/images\/pdf.png\" alt=\"image_pdf\" title=\"Visualizza PDF\" \/><\/a><\/div><h3>Associazione \u00abCircolo Culturale San Francesco\u00bb<\/h3>\n<p><img loading=\"lazy\" decoding=\"async\" class=\"aligncenter size-medium wp-image-88\" alt=\"logo50x49\" src=\"https:\/\/circoloculturalesanfrancesco.org\/site\/wp-content\/uploads\/2014\/01\/logo-chi-siamo1-300x275.jpg\" width=\"176\" height=\"161\" \/><\/p>\n<p style=\"text-indent: 2em; text-align: justify;\"><strong>Art. 1<\/strong> \u2013 In occasione del 50\u00b0 anniversario della solenne proclamazione della Parrocchia francescana \u00abSacro Cuore\u00bb, viene costituita con sede in Catanzaro Lido, Viale Crotone, n. 55, presso la chiesa \u00abSacro Cuore\u00bb, l\u2019Associazione \u00abCircolo Culturale San Francesco\u00bb quale libera Associazione a carattere culturale e spirituale, aperta a tutti coloro che ne condividono le finalit\u00e0 e per mantenere vivo e tramandare il ricordo, lo spirito e l\u2019umanit\u00e0 di s. Francesco d\u2019Assisi, fondatore dei tre Ordini e patrono d\u2019Italia.<\/p>\n<p style=\"text-indent: 2em; text-align: justify;\">L\u2019Associazione assume nella propria denominazione la qualificazione di organizzazione non lucrativa di utilit\u00e0 sociale [\u2026] che ne costituisce peculiare segno distintivo ed a tale scopo viene inserita in ogni comunicazione e manifestazione esterna della medesima.<\/p>\n<p style=\"text-indent: 2em; text-align: justify;\"><strong>Art. 2<\/strong> \u2013 L\u2019Associazione \u00e8 centro permanente di vita associativa a carattere volontario e democratico, persegue, secondo gli indirizzi e le linee di politica culturale assunte dal Fondatore, in coerenza e continuit\u00e0 con le funzioni storiche, nelle finalit\u00e0 di mantenere vivo e tramandarne il ricordo, lo spirito e l\u2019umanit\u00e0 di s. Francesco d\u2019Assisi, fondatore dei tre Ordini e patrono d\u2019Italia.<\/p>\n<p style=\"text-indent: 2em; text-align: justify;\">Ambisce essere attivit\u00e0 di assistenza sociale e di istruzione a ragazzi portatori di handicap o aventi difficolt\u00e0 relazionali e a soggetti in condizioni di disagio sociale e\/o economico, di promozione e di rivendicazione dell\u2019impegno delle istituzioni a favore delle persone deboli e svantaggiate e di affermazione dei loro diritti.<\/p>\n<p style=\"text-indent: 2em; text-align: justify;\"><strong>Art. 3<\/strong> \u2013 L\u2019Associazione fonda la propria struttura associativa sui principi della democrazia e non persegue alcun fine di lucro.<\/p>\n<p><!--nextpage--><\/p>\n<p style=\"text-indent: 2em; text-align: justify;\"><strong>Art. 4<\/strong> \u2013 \u00c8 una libera Associazione che si propone di<\/p>\n<ul>\n<li>divulgare gli scritti di s. Francesco d\u2019Assisi e gli elementi fondanti e caratteristici della sua spiritualit\u00e0;<\/li>\n<li>spronare tutti ad approfondire la vita e la testimonianza cristiana dei suoi fratelli e discepoli e volgarizzarne gli scritti e la grandezza, rendendo accessibili anche alle masse il loro pensiero ed il loro insegnamento;<\/li>\n<li>vigilare e cooperare per la conservazione dei ricordi e la manutenzione dei monumenti francescani esistenti a Catanzaro, ma anche altrove, collaborando, altres\u00ec, a promuovere manifestazioni connesse al culto e alla venerazione del Santo;<\/li>\n<li>offrire a tutti coloro, che si sentono vicini allo spirito francescano, un\u2019occasione di rinnovamento della vita personale, familiare e sociale, nonch\u00e9 un contributo alla \u00abriparazione della Chiesa\u00bb e della comunit\u00e0 civile con l\u2019impegno quotidiano.<\/li>\n<\/ul>\n<p style=\"text-indent: 2em; text-align: justify;\">L\u2019Associazione persegue i seguenti scopi nello svolgimento dei propri compiti:<\/p>\n<ul>\n<li>la conservazione, l\u2019ordinamento, la catalogazione, l\u2019esposizione, lo studio, la conoscenza e la fruizione pubblica delle sue collezioni, attraverso diverse e specifiche attivit\u00e0;<\/li>\n<li>la realizzazione e la gestione di una biblioteca con gli scritti del Santo e le opere intorno alla sua figura e ai suoi grandi discepoli;<\/li>\n<li>l&#8217;organizzazione di incontri formativi, convegni, dibattiti, seminari (tenuti da studiosi italiani e stranieri), proiezioni di film e documentari, da destinare a fini sociali e culturali;<\/li>\n<li>la creazione di un sito Internet in cui pubblicare le relazioni e le varie sintesi svolte durante gli incontri, nonch\u00e9 articoli, saggi e notiziari che abbiano, come riferimento, le varie attivit\u00e0, iniziative e manifestazioni in onore di s. Francesco;<\/li>\n<li>l\u2019organizzazione di gite, visite e pellegrinaggi nei luoghi legati alla vita del Santo ed alle sue opere, nonch\u00e9 a quelle dei suoi seguaci;<\/li>\n<li>l\u2019organizzazione, la gestione e la promozione di eventi di varia natura e quant\u2019altro utile per la raccolta dei fondi a sostegno degli scopi come disposto dal Decreto legislativo del 4 dicembre 1997, n. 460.<\/li>\n<\/ul>\n<p><!--nextpage--><\/p>\n<p style=\"text-indent: 2em; text-align: justify;\">Per il raggiungimento dei suoi fini, l\u2019Associazione intende:<\/p>\n<ol style=\"list-style-type: lower-alpha;\">\n<li>promuovere attivit\u00e0 di solidariet\u00e0 sociale;<\/li>\n<li>valorizzare la biblioteca a livello comunale, provinciale, regionale, nazionale, europeo e intercontinentale;<\/li>\n<li>organizzare e gestire iniziative per lo sviluppo culturale e sociale, con interventi multidisciplinari integrati;<\/li>\n<li>collaborare con le agenzie dell\u2019ONU, con Universit\u00e0, istituzioni civili, politiche ed ecclesiali, nazionali ed internazionali, altre organizzazioni ed enti istituzionali e, comunque, anche non governative, con enti e associazioni regionali, nazionali ed internazionali, anche attraverso la definizione di specifici protocolli di intesa e\/o accordi di programma;<\/li>\n<li>sostenere progetti che rispettino le dichiarazioni ministeriali;<\/li>\n<li>collaborare con le istituzioni comunitarie europee ed internazionali;<\/li>\n<li>assumere tutte quelle attivit\u00e0 atte al conseguimento dei fini statutari dell\u2019Associazione.<\/li>\n<\/ol>\n<p style=\"text-indent: 2em; text-align: justify;\">Essa potr\u00e0 al solo fine di conseguire il proprio scopo presentare domande ad enti pubblici o privati per ottenere patrocini in denaro e contributi, finanziamenti, mutui ed altre agevolazioni previste da leggi nazionali o regionali e\/o comunitarie su presentazioni di programmi, iniziative e progetti e\/o sostegno della complessiva attivit\u00e0 sociale.<\/p>\n<p style=\"text-indent: 2em; text-align: justify;\">\u00c8 fatto divieto all&#8217;Associazione di svolgere attivit\u00e0 diverse da quelle sopra elencate.<\/p>\n<p style=\"text-indent: 2em; text-align: justify;\">L\u2019Associazione potr\u00e0 tuttavia svolgere attivit\u00e0 direttamente connesse a quelle istituzionali, ovvero accessorie in quanto integrative delle stesse, nei limiti consentiti dal Decreto legislativo del 4 dicembre 1997, n. 460, e successive modifiche e integrazioni.<\/p>\n<p><!--nextpage--><\/p>\n<p style=\"text-indent: 2em; text-align: justify;\"><strong>Art. 5<\/strong> \u2013 L\u2019Associazione ha sede in Catanzaro Lido, Viale Crotone, n. 55, presso la chiesa \u00abSacro Cuore\u00bb.<\/p>\n<p style=\"text-indent: 2em; text-align: justify;\"><strong>Art. 6<\/strong> \u2013 Possono essere associati tutte le persone fisiche, senza distinzione di razza, lingua, sesso, religione, opinioni politiche, condizioni personali e sociali, che sottoscrivano la quota associativa nella misura ed entro i termini fissati annualmente dall\u2019Assemblea.<\/p>\n<p style=\"text-indent: 2em; text-align: justify;\">Tutti gli associati che hanno superato il diciottesimo anno, oltre che gli altri diritti statutari, hanno anche il diritto di votare in Assemblea, di eleggere e di essere eletti, di approvare e modificare lo Statuto, i regolamenti e le nomine degli organi direttivi dell\u2019Associazione.<\/p>\n<p style=\"text-indent: 2em; text-align: justify;\">Tutti gli associati di et\u00e0 inferiore ai diciotto anni, ma che abbiano compiuto il quattordicesimo anno di et\u00e0, possono partecipare alla vita associativa, godendo dei diritti statutari, eccetto, quello di votare in Assemblea, di eleggere e di essere eletti.<\/p>\n<p style=\"text-indent: 2em; text-align: justify;\">Per essere ammessi ad associato \u00e8 necessario presentare domanda al Consiglio Direttivo con osservanza delle seguenti modalit\u00e0 e indicazioni:<\/p>\n<ol>\n<li>indicare nome, cognome, luogo e data di nascita, professione, residenza;<\/li>\n<li>dichiarare di attenersi al presente Statuto ed alle deliberazioni degli organi associativi.<\/li>\n<\/ol>\n<p style=\"text-indent: 2em; text-align: justify;\">Il Consiglio Direttivo dell\u2019Associazione deve entro il termine massimo di centottanta giorni valutare la richiesta di ammissione e provvedere all\u2019iscrizione dell\u2019associato nei libri sociali.<\/p>\n<p style=\"text-indent: 2em; text-align: justify;\">Nel caso la domanda venga respinta, l\u2019interessato potr\u00e0 presentare ricorso sul quale si pronuncia in via definitiva l\u2019Assemblea ordinaria, nella sua prima convocazione.<\/p>\n<p style=\"text-indent: 2em; text-align: justify;\">Le dimissioni da associato vanno presentate per iscritto al Consiglio Direttivo dell\u2019Associazione.<\/p>\n<p style=\"text-indent: 2em; text-align: justify;\">Il contributo associativo \u00e8 intrasmissibile ad eccezione dei trasferimenti a causa di morte e non \u00e8 rivalutabile.<\/p>\n<p style=\"text-indent: 2em; text-align: justify;\">Essi ed i loro familiari hanno diritto di frequentare i locali dell\u2019Associazione e di partecipare a tutte le manifestazioni indette dalla stessa.<\/p>\n<p style=\"text-indent: 2em; text-align: justify;\">Tra gli associati vige una disciplina uniforme del rapporto associativo e delle modalit\u00e0 associative volte a garantire l\u2019effettivit\u00e0 del rapporto medesimo, escludendo espressamente la temporaneit\u00e0 della partecipazione alla via associativa, salva la facolt\u00e0 di recesso.<\/p>\n<p><!--nextpage--><\/p>\n<p style=\"text-indent: 2em; text-align: justify;\"><strong>Art. 7<\/strong> \u2013 Non \u00e8 necessaria alcuna autorizzazione per gli associati che svolgono in proprio le stesse attivit\u00e0 svolte dall\u2019Associazione, mentre \u00e8 necessaria la preventiva autorizzazione del Consiglio Direttivo:<\/p>\n<ol style=\"list-style-type: lower-alpha;\">\n<li>agli associati che partecipino ad altra Associazione o altro organismo che svolga attivit\u00e0 simili;<\/li>\n<li>a coloro che intrattengano con l\u2019Associazione rapporti di lavoro sotto qualsiasi forma e che abbiano, con la stessa, rapporti di contenuto patrimoniale.<\/li>\n<\/ol>\n<p style=\"text-indent: 2em; text-align: justify;\"><strong>Art. 8<\/strong> \u2013 La qualit\u00e0 di associato si perde per:<\/p>\n<ol style=\"list-style-type: lower-alpha;\">\n<li>morosit\u00e0,<\/li>\n<li>decadenza,<\/li>\n<li>esclusione.<\/li>\n<\/ol>\n<p style=\"text-indent: 2em; text-align: justify;\">Perdono la qualit\u00e0 di associato:<\/p>\n<ul>\n<li>per morosit\u00e0 coloro che entro il termine fissato dall\u2019Assemblea non hanno rinnovato la sottoscrizione della quota associativa nei limiti deliberati dall\u2019Assemblea stessa;<\/li>\n<li>per decadenza coloro che vengono a trovarsi nelle condizioni, senza autorizzazione, di cui al precedente art.6;<\/li>\n<li>per esclusione coloro che per gravi inadempienze nei confronti del presente Statuto, rendono incompatibile il mantenimento del loro rapporto con l\u2019Associazione;<\/li>\n<li>coloro i quali, in qualunque modo, arrechino danni morali o materiali all\u2019Associazione;<\/li>\n<li>coloro che hanno subito con sentenza passata in giudicato condanne penali per i reati di mafia.<\/li>\n<\/ul>\n<p style=\"text-indent: 2em; text-align: justify;\">L\u2019espulsione e le radiazioni saranno decise dal Consiglio Direttivo a maggioranza assoluta dei suoi membri.<\/p>\n<p style=\"text-indent: 2em; text-align: justify;\">Gli associati espulsi potranno ricorrere contro il provvedimento nella prima Assemblea ordinaria.<\/p>\n<p><!--nextpage--><\/p>\n<p style=\"text-indent: 2em; text-align: justify;\"><strong>Art. 9<\/strong> \u2013 Il patrimonio \u00e8 costituito da:<\/p>\n<ol style=\"list-style-type: lower-alpha;\">\n<li>beni mobili ed immobili;<\/li>\n<li>titoli pubblici e privati,<\/li>\n<li>lasciti, legati e donazioni purch\u00e9 accettati dal Consiglio Direttivo.<\/li>\n<\/ol>\n<p style=\"text-indent: 2em; text-align: justify;\">\u00c8 fatto obbligo di impiegare gli utili e gli avanzi di gestione per la realizzazione delle attivit\u00e0 istituzionali e di quelle ad esse direttamente connesse.<\/p>\n<p style=\"text-indent: 2em; text-align: justify;\">\u00c8 vietato distribuire, anche in modo indiretto, utili o avanzi di gestione, nonch\u00e9 fondi, riserve o capitale durante la vita dell\u2019Associazione, a meno che la destinazione o la distribuzione non siano imposte per legge o siano effettuate a favore di altre ONLUS che per legge, Statuto o Regolamento fanno parte della medesima ed unitaria struttura.<\/p>\n<p style=\"text-indent: 2em; text-align: justify;\"><strong>Art. 10<\/strong> \u2013 Gli organi dell\u2019Associazione sono:<\/p>\n<ol style=\"list-style-type: lower-alpha;\">\n<li>l\u2019Assemblea degli associati,<\/li>\n<li>il Consiglio Direttivo,<\/li>\n<li>il Presidente,<\/li>\n<li>il Vicepresidente,<\/li>\n<li>il Segretario,<\/li>\n<li>il Tesoriere.<\/li>\n<\/ol>\n<p><!--nextpage--><\/p>\n<p style=\"text-indent: 2em; text-align: justify;\"><strong>Art. 11<\/strong> \u2013 L\u2019Assemblea dei soci si riunisce di norma una volta all&#8217;anno per l&#8217;approvazione del bilancio e per gli altri adempimenti di propria competenza.<\/p>\n<p style=\"text-indent: 2em; text-align: justify;\">Si riunisce, altres\u00ec, ogni qualvolta il Consiglio Direttivo lo ritenga opportuno o ne sia fatta richiesta da almeno un terzo degli associati regolarmente iscritti da non meno di sei mesi.<\/p>\n<p style=\"text-indent: 2em; text-align: justify;\">Deve essere comunque convocata, anche a scopo consultivo, per periodiche verifiche sull&#8217;attuazione dei programmi ed in occasioni di importanti iniziative che interessino lo sviluppo associativo e del volontariato.<\/p>\n<p style=\"text-indent: 2em; text-align: justify;\">Delle riunioni dell\u2019Assemblea deve essere redatto, a cura del Segretario e sotto la responsabilit\u00e0 del Presidente della stessa Associazione, verbale da trascrivere in apposito libro verbali dell\u2019Assemblea.<\/p>\n<p style=\"text-indent: 2em; text-align: justify;\">Le riunioni dell\u2019Assemblea sono valide in prima convocazione quando \u00e8 presente la met\u00e0 pi\u00f9 uno degli aventi diritto ed in seconda convocazione qualunque sia il numero dei presenti.<\/p>\n<p style=\"text-indent: 2em; text-align: justify;\">Fra la prima e la seconda convocazione deve trascorrere un intervallo di almeno un\u2019ora.<\/p>\n<p style=\"text-indent: 2em; text-align: justify;\"><strong>Art. 12<\/strong> \u2013 L\u2019Assemblea adotta le proprie deliberazioni con voto palese.<\/p>\n<p style=\"text-indent: 2em; text-align: justify;\">Adotta il metodo del voto segreto quando si tratti di elezione alle cariche sociali o quando la deliberazione riguarda le singole persone, salvo che l&#8217;unanimit\u00e0 dei presenti decida per il voto per alzata di mano o palese.<\/p>\n<p style=\"text-indent: 2em; text-align: justify;\">Risultano approvate quelle deliberazioni che raccolgono la maggioranza relativa dei consensi.<\/p>\n<p style=\"text-indent: 2em; text-align: justify;\">Risultano approvate le proposte che hanno ottenuto la maggioranza dei consensi purch\u00e9, in ogni caso, siano presenti alla riunione la met\u00e0 pi\u00f9 uno degli aventi diritto al voto.<\/p>\n<p style=\"text-indent: 2em; text-align: justify;\">Qualora nel voto a scrutinio segreto le proposte ottengano la parit\u00e0 dei consensi, queste si intendono respinte.<\/p>\n<p style=\"text-indent: 2em; text-align: justify;\">Nelle elezioni delle cariche sociali qualora due o pi\u00f9 candidati ottengano la parit\u00e0 dei consensi, risultano eletti fino alla concorrenza dei posti disponibili, i pi\u00f9 anziani di et\u00e0.<\/p>\n<p><!--nextpage--><\/p>\n<p style=\"text-indent: 2em; text-align: justify;\"><strong>Art. 13<\/strong> \u2013 L\u2019Assemblea dei soci \u00e8 convocata dal Presidente dell\u2019Associazione con avviso da affiggere nella sede dell\u2019Associazione e da divulgare con tutti i mezzi informativi (lettere espressa o raccomandata, telegramma, fax o mail) di cui pu\u00f2 disporre l\u2019Associazione.<\/p>\n<p style=\"text-indent: 2em; text-align: justify;\">L&#8217;avviso di convocazione, che deve contenere gli argomenti dell&#8217;ordine del giorno, la data, il luogo e l\u2019ora della riunione stabiliti per la prima e la seconda convocazione, \u00e8 diffuso almeno venti giorni prima di quello fissato per la riunione.<\/p>\n<p style=\"text-indent: 2em; text-align: justify;\">Partecipano all\u2019Assemblea gli associati in regola con il versamento delle quote associative e che siano iscritti da almeno tre mesi. Le riunioni dell\u2019Assemblea degli associati possono anche divenire pubbliche qualora all\u2019ordine del giorno siano previsti argomenti di carattere collettivo e di interesse generale.<\/p>\n<p style=\"text-indent: 2em; text-align: justify;\">\u00c8 tuttavia facolt\u00e0 del Presidente dell\u2019Assemblea consentire ai non associati di prendere la parola.<\/p>\n<p style=\"text-indent: 2em; text-align: justify;\"><strong>Art. 14<\/strong> \u2013 In apertura dei propri lavori, l\u2019Assemblea elegge un Presidente ed un Segretario.<\/p>\n<p style=\"text-indent: 2em; text-align: justify;\">Nomina quindi due scrutatori per le votazioni palesi e, ove occorra, almeno tre scrutatori per le votazioni per scheda.<\/p>\n<p style=\"text-indent: 2em; text-align: justify;\"><strong>Art. 15<\/strong> \u2013 I compiti dell\u2019Assemblea sono:<\/p>\n<ol style=\"list-style-type: lower-alpha;\">\n<li>approvare il bilancio consuntivo chiuso al 31 dicembre dell\u2019anno precedente e quello preventivo;<\/li>\n<li>approvare la relazione del Consiglio Direttivo;<\/li>\n<li>approvare e modificare l&#8217;ammontare delle quote associative e determinare il termine ultimo per il loro versamento;<\/li>\n<li>approvare le linee programmatiche dell&#8217;Associazione;<\/li>\n<li>approvare e modificare i regolamenti di funzionamento dei servizi dell\u2019Associazione uniformandoli alla natura partecipativa della stessa;<\/li>\n<li>approvare e modificare il regolamento generale dell\u2019Associazione uniformandolo alla natura partecipativa della stessa;<\/li>\n<li>eleggere il Consiglio Direttivo scegliendo i componenti fra gli aderenti all\u2019Associazione;<\/li>\n<li>eleggere il Collegio dei Revisori dei Conti;<\/li>\n<li>approvare le modifiche allo Statuto, con la partecipazione di almeno la met\u00e0 degli associati ed il voto favorevole dei tre quinti dei presenti;<\/li>\n<li style=\"list-style-type: none;\">l. deliberare su tutti gli argomenti sottoposti alla sua approvazione.<\/li>\n<\/ol>\n<p><!--nextpage--><\/p>\n<p style=\"text-indent: 2em; text-align: justify;\"><strong>Art. 16<\/strong> \u2013 Il Consiglio Direttivo \u00e8 composto da un minimo di 3 (tre) ad un massimo di 7 (sette) componenti.<\/p>\n<p style=\"text-indent: 2em; text-align: justify;\">Spetta all\u2019Assemblea determinare il numero prima di procedere all&#8217;elezione.<\/p>\n<p style=\"text-indent: 2em; text-align: justify;\">Il Consiglio dura in carica tre anni ed i suoi membri sono rieleggibili.<\/p>\n<p style=\"text-indent: 2em; text-align: justify;\">Il Consiglio si riunisce quando il Presidente lo ritiene opportuno o ne sia fatta richiesta da almeno un terzo dei suoi componenti.<\/p>\n<p style=\"text-indent: 2em; text-align: justify;\">Le riunioni del Consiglio sono convocate dal Presidente con avviso da affiggere nella sede dell\u2019Associazione e da divulgare con tutti i mezzi informativi di cui pu\u00f2 disporre l\u2019Associazione tre giorni prima della data fissata per la riunione.<\/p>\n<p style=\"text-indent: 2em; text-align: justify;\">L&#8217;avviso di convocazione, che deve contenere gli argomenti all&#8217;ordine del giorno, l&#8217;ora, la data ed il luogo della riunione, deve essere, entro il medesimo termine di cui al comma precedente, esposto nei locali della sede dell\u2019Associazione.<\/p>\n<p style=\"text-indent: 2em; text-align: justify;\">Delle riunioni del Consiglio Direttivo viene redatto un verbale a cura del Segretario e sotto la responsabilit\u00e0 del Presidente da trascrivere in apposito libro verbali del Consiglio Direttivo.<\/p>\n<p style=\"text-indent: 2em; text-align: justify;\"><strong>Art. 17<\/strong> \u2013 I compiti del Consiglio Direttivo sono:<\/p>\n<ol style=\"list-style-type: lower-alpha;\">\n<li>predisporre le proposte da presentare all\u2019Assemblea per gli adempimenti di cui al precedente art. 14;<\/li>\n<li>eseguire i deliberati dell\u2019Assemblea;<\/li>\n<li>adottare tutti i provvedimenti necessari alla gestione dell\u2019Associazione;<\/li>\n<li>stipulare contratti, convenzioni, accordi nel perseguimento degli obiettivi associativi;<\/li>\n<li>aderire ad organizzazioni locali di volontariato in attuazione dei fini e degli obiettivi del presente Statuto;<\/li>\n<li>adottare i provvedimenti di cui al precedente art. 7;<\/li>\n<li>assumere il personale dipendente o stabilire forme di rapporto di lavoro autonomo nei limiti del presente Statuto.<\/li>\n<\/ol>\n<p><!--nextpage--><\/p>\n<p style=\"text-indent: 2em; text-align: justify;\"><strong>Art. 18<\/strong> \u2013 Le riunioni del Consiglio Direttivo sono valide quando ad esse partecipi la met\u00e0 pi\u00f9 uno dei componenti.<\/p>\n<p style=\"text-indent: 2em; text-align: justify;\">Il Consiglio Direttivo approva le proprie deliberazioni con il metodo del voto palese, salvo quando si tratti di votazioni riguardanti le singole persone o di elezioni alle cariche sociali; salvo che l&#8217;unanimit\u00e0 dei presenti decida per il voto per alzata di mano o palese.<\/p>\n<p style=\"text-indent: 2em; text-align: justify;\">Per la validit\u00e0 delle deliberazioni valgono le stesse norme stabilite per l\u2019Assemblea degli associati.<\/p>\n<p style=\"text-indent: 2em; text-align: justify;\"><strong>Art. 19<\/strong> \u2013 Il Consiglio Direttivo nella sua prima riunione dopo l\u2019elezione da parte dell\u2019Assemblea, elegge nel proprio seno il Presidente, il Vicepresidente che sostituisce il Presidente nelle sue funzioni in caso di assenza o di impedimento, il Segretario ed un Tesoriere.<\/p>\n<p style=\"text-indent: 2em; text-align: justify;\"><strong>Art. 20<\/strong> \u2013 Il Presidente ha la legale rappresentanza dell\u2019Associazione, pu\u00f2 stare in giudizio per la tutela degli interessi morali e materiali dell\u2019Associazione, pu\u00f2 nominare avvocati e procuratori nelle liti attive e passive.<\/p>\n<p style=\"text-indent: 2em; text-align: justify;\">Il Presidente sottoscrive tutti gli atti e contratti stipulati dall\u2019Associazione e riscuote, nell\u2019interesse dell&#8217;ente, somme da terzi rilasciando liberatoria quietanza.<\/p>\n<p style=\"text-indent: 2em; text-align: justify;\">Il Presidente pu\u00f2 delegare in parte o interamente i propri poteri al Vicepresidente o ad un altro componente del Consiglio stesso.<\/p>\n<p style=\"text-indent: 2em; text-align: justify;\"><strong>Art. 21<\/strong> \u2013 Il Segretario provvede alla redazione dei verbali delle deliberazioni del Consiglio ed alla conservazione di tutti gli atti e documenti dell\u2019Associazione.<\/p>\n<p style=\"text-indent: 2em; text-align: justify;\"><strong>Art. 22<\/strong> \u2013 Il Tesoriere procede all&#8217;esazione delle quote associative, tiene la contabilit\u00e0 ed \u00e8 responsabile della conservazione dei fondi e dei libri contabili.<\/p>\n<p style=\"text-indent: 2em; text-align: justify;\"><strong>Art. 23<\/strong> \u2013 L\u2019associato sottoposto ai provvedimenti, di cui al precedente art. 7, lettere a) e b), deve essere preventivamente informato ed invitato ad esporre le proprie ragioni difensive.<\/p>\n<p style=\"text-indent: 2em; text-align: justify;\">Contro i provvedimenti, di cui al precedente comma, l\u2019associato pu\u00f2 ricorrere entro un mese dalla notifica.<\/p>\n<p style=\"text-indent: 2em; text-align: justify;\">I provvedimenti, di cui all\u2019art. 7 lettere a) e b), sono esecutivi dal momento della notifica.<\/p>\n<p><!--nextpage--><\/p>\n<p style=\"text-indent: 2em; text-align: justify;\"><strong>Art. 24<\/strong> \u2013 Qualora per decisione dell\u2019Assemblea vengono istituite una o pi\u00f9 sezioni, le stesse dovranno essere dotate di regolamenti organizzativi e di funzionamento che siano informati ai criteri partecipativi di questo Statuto.<\/p>\n<p style=\"text-indent: 2em; text-align: justify;\"><strong>Art.25<\/strong> \u2013 I regolamenti associativi determinano le forme di partecipazione consultive alle riunioni del Consiglio Direttivo.<\/p>\n<p style=\"text-indent: 2em; text-align: justify;\">\u00c8 comunque incompatibile l\u2019appartenenza al Consiglio Direttivo per quanti abbiano rapporti di lavoro di qualsiasi natura con l\u2019Associazione.<\/p>\n<p style=\"text-indent: 2em; text-align: justify;\">Le cariche associative sono gratuite, salvo il rimborso di spese effettivamente sostenute e documentate.<\/p>\n<p style=\"text-indent: 2em; text-align: justify;\"><strong>Art. 26<\/strong> \u2013 L\u2019Associazione in caso di suo scioglimento per qualunque causa, ha l\u2019obbligo di devolvere il proprio patrimonio ad altre organizzazioni non lucrative di attivit\u00e0 sociale o ai fini di pubblica utilit\u00e0, sentito l\u2019organismo di controllo di cui all\u2019art. 3, comma 190, della Legge del 23 dicembre 1996, n. 662, salvo diversa destinazione imposta dalla Legge.<\/p>\n<p style=\"text-indent: 2em; text-align: justify;\"><strong>Art. 27<\/strong> \u2013 Per quanto non previsto dal presente Statuto valgono le norme dei regolamenti da esso derivanti o quanto stabiliscono le Leggi dello Stato in materia.<\/p>\n<p style=\"text-align: right; font-size: 70%;\">\nF.to: Ilario Scali<br \/>\nF.to: Piotr Anzulewicz<br \/>\nF.to: Marcella Clara Reni, notaio<br \/>\nPalmi, 28 dicembre 2011<br \/>\nRegistrato a Palmi il 29 dicembre 2011 al n. 4084 S. 1T<\/p>\n","protected":false},"excerpt":{"rendered":"<p>Associazione \u00abCircolo Culturale San Francesco\u00bb Art. 1 \u2013 In occasione del 50\u00b0 anniversario della solenne proclamazione della Parrocchia francescana \u00abSacro Cuore\u00bb, viene costituita con sede in Catanzaro Lido, Viale Crotone, n. 55, presso la&#46;&#46;&#46;<\/p>\n","protected":false},"author":9,"featured_media":0,"parent":0,"menu_order":0,"comment_status":"closed","ping_status":"closed","template":"","meta":{"ngg_post_thumbnail":0,"footnotes":""},"yoast_head":"<!-- This site is optimized with the Yoast SEO plugin v18.3 - https:\/\/yoast.com\/wordpress\/plugins\/seo\/ -->\n<title>Statuto -<\/title>\n<meta name=\"description\" content=\"L&#039;Associazione &quot;Circolo Culturale San Francesco&quot; fonda la propria struttura associativa sui principi della democrazia e non persegue alcun fine di lucro.\" \/>\n<meta name=\"robots\" content=\"index, follow, max-snippet:-1, max-image-preview:large, max-video-preview:-1\" \/>\n<link rel=\"canonical\" href=\"https:\/\/circoloculturalesanfrancesco.org\/statuto\/\" \/>\n<link rel=\"next\" href=\"https:\/\/circoloculturalesanfrancesco.org\/statuto\/2\/\" \/>\n<meta property=\"og:locale\" content=\"it_IT\" \/>\n<meta property=\"og:type\" content=\"article\" \/>\n<meta property=\"og:title\" content=\"Statuto -\" \/>\n<meta property=\"og:description\" content=\"L&#039;Associazione &quot;Circolo Culturale San Francesco&quot; fonda la propria struttura associativa sui principi della democrazia e non persegue alcun fine di lucro.\" \/>\n<meta property=\"og:url\" content=\"https:\/\/circoloculturalesanfrancesco.org\/statuto\/\" \/>\n<meta property=\"article:modified_time\" content=\"2014-01-28T11:41:14+00:00\" \/>\n<meta property=\"og:image\" content=\"https:\/\/circoloculturalesanfrancesco.org\/site\/wp-content\/uploads\/2014\/01\/logo-chi-siamo1-300x275.jpg\" \/>\n<meta name=\"twitter:label1\" content=\"Tempo di lettura stimato\" \/>\n\t<meta name=\"twitter:data1\" content=\"14 minuti\" \/>\n<script type=\"application\/ld+json\" class=\"yoast-schema-graph\">{\"@context\":\"https:\/\/schema.org\",\"@graph\":[{\"@type\":\"WebSite\",\"@id\":\"https:\/\/circoloculturalesanfrancesco.org\/site\/#website\",\"url\":\"https:\/\/circoloculturalesanfrancesco.org\/site\/\",\"name\":\"\",\"description\":\"\",\"potentialAction\":[{\"@type\":\"SearchAction\",\"target\":{\"@type\":\"EntryPoint\",\"urlTemplate\":\"https:\/\/circoloculturalesanfrancesco.org\/site\/?s={search_term_string}\"},\"query-input\":\"required name=search_term_string\"}],\"inLanguage\":\"it-IT\"},{\"@type\":\"ImageObject\",\"@id\":\"https:\/\/circoloculturalesanfrancesco.org\/statuto\/#primaryimage\",\"inLanguage\":\"it-IT\",\"url\":\"https:\/\/circoloculturalesanfrancesco.org\/site\/wp-content\/uploads\/2014\/01\/logo-chi-siamo1-300x275.jpg\",\"contentUrl\":\"https:\/\/circoloculturalesanfrancesco.org\/site\/wp-content\/uploads\/2014\/01\/logo-chi-siamo1-300x275.jpg\"},{\"@type\":\"WebPage\",\"@id\":\"https:\/\/circoloculturalesanfrancesco.org\/statuto\/#webpage\",\"url\":\"https:\/\/circoloculturalesanfrancesco.org\/statuto\/\",\"name\":\"Statuto -\",\"isPartOf\":{\"@id\":\"https:\/\/circoloculturalesanfrancesco.org\/site\/#website\"},\"primaryImageOfPage\":{\"@id\":\"https:\/\/circoloculturalesanfrancesco.org\/statuto\/#primaryimage\"},\"datePublished\":\"2014-01-27T16:47:44+00:00\",\"dateModified\":\"2014-01-28T11:41:14+00:00\",\"description\":\"L'Associazione \\\"Circolo Culturale San Francesco\\\" fonda la propria struttura associativa sui principi della democrazia e non persegue alcun fine di lucro.\",\"breadcrumb\":{\"@id\":\"https:\/\/circoloculturalesanfrancesco.org\/statuto\/#breadcrumb\"},\"inLanguage\":\"it-IT\",\"potentialAction\":[{\"@type\":\"ReadAction\",\"target\":[\"https:\/\/circoloculturalesanfrancesco.org\/statuto\/\"]}]},{\"@type\":\"BreadcrumbList\",\"@id\":\"https:\/\/circoloculturalesanfrancesco.org\/statuto\/#breadcrumb\",\"itemListElement\":[{\"@type\":\"ListItem\",\"position\":1,\"name\":\"Home\"}]}]}<\/script>\n<!-- \/ Yoast SEO plugin. -->","yoast_head_json":{"title":"Statuto -","description":"L'Associazione \"Circolo Culturale San Francesco\" fonda la propria struttura associativa sui principi della democrazia e non persegue alcun fine di lucro.","robots":{"index":"index","follow":"follow","max-snippet":"max-snippet:-1","max-image-preview":"max-image-preview:large","max-video-preview":"max-video-preview:-1"},"canonical":"https:\/\/circoloculturalesanfrancesco.org\/statuto\/","next":"https:\/\/circoloculturalesanfrancesco.org\/statuto\/2\/","og_locale":"it_IT","og_type":"article","og_title":"Statuto -","og_description":"L'Associazione \"Circolo Culturale San Francesco\" fonda la propria struttura associativa sui principi della democrazia e non persegue alcun fine di lucro.","og_url":"https:\/\/circoloculturalesanfrancesco.org\/statuto\/","article_modified_time":"2014-01-28T11:41:14+00:00","og_image":[{"url":"https:\/\/circoloculturalesanfrancesco.org\/site\/wp-content\/uploads\/2014\/01\/logo-chi-siamo1-300x275.jpg"}],"twitter_misc":{"Tempo di lettura stimato":"14 minuti"},"schema":{"@context":"https:\/\/schema.org","@graph":[{"@type":"WebSite","@id":"https:\/\/circoloculturalesanfrancesco.org\/site\/#website","url":"https:\/\/circoloculturalesanfrancesco.org\/site\/","name":"","description":"","potentialAction":[{"@type":"SearchAction","target":{"@type":"EntryPoint","urlTemplate":"https:\/\/circoloculturalesanfrancesco.org\/site\/?s={search_term_string}"},"query-input":"required name=search_term_string"}],"inLanguage":"it-IT"},{"@type":"ImageObject","@id":"https:\/\/circoloculturalesanfrancesco.org\/statuto\/#primaryimage","inLanguage":"it-IT","url":"https:\/\/circoloculturalesanfrancesco.org\/site\/wp-content\/uploads\/2014\/01\/logo-chi-siamo1-300x275.jpg","contentUrl":"https:\/\/circoloculturalesanfrancesco.org\/site\/wp-content\/uploads\/2014\/01\/logo-chi-siamo1-300x275.jpg"},{"@type":"WebPage","@id":"https:\/\/circoloculturalesanfrancesco.org\/statuto\/#webpage","url":"https:\/\/circoloculturalesanfrancesco.org\/statuto\/","name":"Statuto -","isPartOf":{"@id":"https:\/\/circoloculturalesanfrancesco.org\/site\/#website"},"primaryImageOfPage":{"@id":"https:\/\/circoloculturalesanfrancesco.org\/statuto\/#primaryimage"},"datePublished":"2014-01-27T16:47:44+00:00","dateModified":"2014-01-28T11:41:14+00:00","description":"L'Associazione \"Circolo Culturale San Francesco\" fonda la propria struttura associativa sui principi della democrazia e non persegue alcun fine di lucro.","breadcrumb":{"@id":"https:\/\/circoloculturalesanfrancesco.org\/statuto\/#breadcrumb"},"inLanguage":"it-IT","potentialAction":[{"@type":"ReadAction","target":["https:\/\/circoloculturalesanfrancesco.org\/statuto\/"]}]},{"@type":"BreadcrumbList","@id":"https:\/\/circoloculturalesanfrancesco.org\/statuto\/#breadcrumb","itemListElement":[{"@type":"ListItem","position":1,"name":"Home"}]}]}},"_links":{"self":[{"href":"https:\/\/circoloculturalesanfrancesco.org\/site\/wp-json\/wp\/v2\/pages\/147"}],"collection":[{"href":"https:\/\/circoloculturalesanfrancesco.org\/site\/wp-json\/wp\/v2\/pages"}],"about":[{"href":"https:\/\/circoloculturalesanfrancesco.org\/site\/wp-json\/wp\/v2\/types\/page"}],"author":[{"embeddable":true,"href":"https:\/\/circoloculturalesanfrancesco.org\/site\/wp-json\/wp\/v2\/users\/9"}],"replies":[{"embeddable":true,"href":"https:\/\/circoloculturalesanfrancesco.org\/site\/wp-json\/wp\/v2\/comments?post=147"}],"version-history":[{"count":27,"href":"https:\/\/circoloculturalesanfrancesco.org\/site\/wp-json\/wp\/v2\/pages\/147\/revisions"}],"predecessor-version":[{"id":149,"href":"https:\/\/circoloculturalesanfrancesco.org\/site\/wp-json\/wp\/v2\/pages\/147\/revisions\/149"}],"wp:attachment":[{"href":"https:\/\/circoloculturalesanfrancesco.org\/site\/wp-json\/wp\/v2\/media?parent=147"}],"curies":[{"name":"wp","href":"https:\/\/api.w.org\/{rel}","templated":true}]}}